{"id":3145,"date":"2026-07-11T23:20:45","date_gmt":"2026-07-11T21:20:45","guid":{"rendered":"https:\/\/alicier.com\/?post_type=product&#038;p=3145"},"modified":"2026-08-21T22:39:50","modified_gmt":"2026-08-21T20:39:50","slug":"kit-bracelet-en-perles-au-metier-a-tisser-collection-lagon","status":"publish","type":"product","link":"https:\/\/alicier.com\/index.php\/produit\/kit-bracelet-en-perles-au-metier-a-tisser-collection-lagon\/","title":{"rendered":"Kit Bracelet en perles au m\u00e9tier \u00e0 tisser collection Lagon"},"content":{"rendered":"<p>D\u00e9couvrez tout le <strong>mat\u00e9riel pour r\u00e9aliser le bracelet en perles au m\u00e9tier \u00e0 tisser Lagon<\/strong>, un bracelet Miyuki aux couleurs estivales, expliqu\u00e9 pas \u00e0 pas dans un tutoriel vid\u00e9o gratuit sur la cha\u00eene YouTube L\u2019Alicier.<\/p>\n<p>Cette s\u00e9lection comprend les perles Miyuki, les appr\u00eats et les fournitures indispensables \u00e0 la cr\u00e9ation du bracelet. Gr\u00e2ce aux diff\u00e9rentes options propos\u00e9es, vous pouvez ajouter un m\u00e9tier \u00e0 tisser des perles et\/ou un tube de colle \u00e0 bijoux si vous n&#8217;en poss\u00e9dez pas.<\/p>\n<p>Si vous poss\u00e9dez d\u00e9j\u00e0 tout le mat\u00e9riel, le <a href=\"https:\/\/alicier.com\/index.php\/produit\/schema-bracelet-miyuki-au-metier-a-tisser\/\">sch\u00e9ma PDF \u00e0 t\u00e9l\u00e9charger du bracelet Lagon<\/a> est disponible ici.<\/p>\n<h2>Contenu du kit Bracelet en perles au m\u00e9tier \u00e0 tisser Lagon<\/h2>\n<p>Le kit contient :<\/p>\n<ul>\n<li>les 7 couleurs de perles Miyuki Delica 11\/0 n\u00e9cessaires \u00e0 la r\u00e9alisation du bracelet.<\/li>\n<li>un \u00e9chantillon de 10 m\u00e8tres de fil Miyuki Beading Thread.<\/li>\n<li>un fermoir pr\u00e9-assembl\u00e9, compos\u00e9 de deux embouts de tissage de 8 mm en acier inoxydable dor\u00e9 et d&#8217;un fermoir r\u00e9glable.<\/li>\n<li>une aiguille de tissage taille 12.<\/li>\n<li>le sch\u00e9ma imprim\u00e9 en couleur du bracelet Lagon.<\/li>\n<li>un livret d&#8217;instructions.<\/li>\n<li>un lien de t\u00e9l\u00e9chargement permettant de r\u00e9cup\u00e9rer le sch\u00e9ma et de le r\u00e9imprimer \u00e0 volont\u00e9.<\/li>\n<\/ul>\n<p>Le sch\u00e9ma comporte des lettres pour identifier facilement les diff\u00e9rentes couleurs de perles, ainsi qu\u2019une graduation pour adapter la longueur du tissage \u00e0 votre tour de poignet.<\/p>\n<p>Vous pouvez ainsi compl\u00e9ter le mat\u00e9riel que vous poss\u00e9dez d\u00e9j\u00e0 ou choisir une version compl\u00e8te pour <strong>commencer le tissage de perles au m\u00e9tier \u00e0 tisser<\/strong>.<\/p>\n<p>La quantit\u00e9 de perles fournie permet de r\u00e9aliser un bracelet Lagon. Le contenu exact du produit d\u00e9pend des options s\u00e9lectionn\u00e9es. Un <a href=\"https:\/\/alicier.com\/index.php\/produit\/assortiment-perles-miyuki-lagon\/\">assortiment de perles Miyuki Delica 11\/0 Lagon<\/a> est aussi disponible et permet de r\u00e9aliser le bracelet si vous avez d\u00e9j\u00e0 le reste du mat\u00e9riel.<\/p>\n","protected":false},"excerpt":{"rendered":"<p>Retrouvez ici le <strong>kit\u00a0pour r\u00e9aliser le bracelet en perles au m\u00e9tier \u00e0 tisser Lagon.<\/strong> Ce bracelet en perles Miyuki fin et color\u00e9 est \u00e0 confectionner en suivant le tutoriel vid\u00e9o gratuit disponible sur ma cha\u00eene YouTube L\u2019Alicier et sortie le 12\/07\/2026.<\/p>\n<p>Ce pack r\u00e9unit les <strong>perles Miyuki, les appr\u00eats et les accessoires n\u00e9cessaires<\/strong> pour reproduire facilement le bracelet pr\u00e9sent\u00e9 dans la vid\u00e9o. <strong>Plusieurs options sont disponibles<\/strong> afin de choisir uniquement le mat\u00e9riel dont vous avez besoin, <strong>ajouter la colle et\/ou le m\u00e9tier \u00e0 tisser<\/strong> n\u00e9cessaire \u00e0 sa r\u00e9alisation.<\/p>\n<p>Le pack ne contient pas les bo\u00eetes vissables en plastique de la photo. Les perles seront livr\u00e9es dans des sachets mini-grips individuels.<\/p>\n","protected":false},"featured_media":3154,"comment_status":"closed","ping_status":"closed","template":"","meta":[],"product_brand":[83],"product_cat":[77],"product_tag":[113,78],"class_list":["post-3145","product","type-product","status-publish","has-post-thumbnail","product_brand-alicier","product_cat-kit-creatif-adulte","product_tag-kit-perles","product_tag-kits-tissage-de-perles","first","instock","taxable","shipping-taxable","purchasable","product-type-variable"],"yoast_head":"<!-- This site is optimized with the Yoast SEO plugin v28.3 - https:\/\/yoast.com\/product\/yoast-seo-wordpress\/ -->\n<title>Kit Bracelet en perles au m\u00e9tier \u00e0 tisser collection Lagon - Alicier<\/title>\n<meta name=\"description\" content=\"kit pour bracelet en perles au m\u00e9tier \u00e0 tisser Lagon : perles Miyuki, fil, aiguille, fermoir, livret, sch\u00e9ma, m\u00e9tier \u00e0 tisser et colle en option.\" \/>\n<meta name=\"robots\" content=\"index, follow, max-snippet:-1, max-image-preview:large, max-video-preview:-1\" \/>\n<link rel=\"canonical\" href=\"https:\/\/alicier.com\/index.php\/produit\/kit-bracelet-en-perles-au-metier-a-tisser-collection-lagon\/\" \/>\n<meta property=\"og:locale\" content=\"fr_FR\" \/>\n<meta property=\"og:type\" content=\"article\" \/>\n<meta property=\"og:title\" content=\"Kit Bracelet en perles au m\u00e9tier \u00e0 tisser collection Lagon - Alicier\" \/>\n<meta property=\"og:description\" content=\"kit pour bracelet en perles au m\u00e9tier \u00e0 tisser Lagon : perles Miyuki, fil, aiguille, fermoir, livret, sch\u00e9ma, m\u00e9tier \u00e0 tisser et colle en option.\" \/>\n<meta property=\"og:url\" content=\"https:\/\/alicier.com\/index.php\/produit\/kit-bracelet-en-perles-au-metier-a-tisser-collection-lagon\/\" \/>\n<meta property=\"og:site_name\" content=\"Alicier\" \/>\n<meta property=\"article:modified_time\" content=\"2026-08-21T20:39:50+00:00\" \/>\n<meta property=\"og:image\" content=\"https:\/\/alicier.com\/wp-content\/uploads\/2026\/07\/bracelet_lagon_materiel.jpg\" \/>\n\t<meta property=\"og:image:width\" content=\"1080\" \/>\n\t<meta property=\"og:image:height\" content=\"1080\" \/>\n\t<meta property=\"og:image:type\" content=\"image\/jpeg\" \/>\n<meta name=\"twitter:card\" content=\"summary_large_image\" \/>\n<meta name=\"twitter:label1\" content=\"Dur\u00e9e de lecture estim\u00e9e\" \/>\n\t<meta name=\"twitter:data1\" content=\"2 minutes\" \/>\n<script type=\"application\/ld+json\" class=\"yoast-schema-graph\">{\"@context\":\"https:\\\/\\\/schema.org\",\"@graph\":[{\"@type\":\"WebPage\",\"@id\":\"https:\\\/\\\/alicier.com\\\/index.php\\\/produit\\\/kit-bracelet-en-perles-au-metier-a-tisser-collection-lagon\\\/\",\"url\":\"https:\\\/\\\/alicier.com\\\/index.php\\\/produit\\\/kit-bracelet-en-perles-au-metier-a-tisser-collection-lagon\\\/\",\"name\":\"Kit Bracelet en perles au m\u00e9tier \u00e0 tisser collection Lagon - Alicier\",\"isPartOf\":{\"@id\":\"https:\\\/\\\/alicier.com\\\/#website\"},\"primaryImageOfPage\":{\"@id\":\"https:\\\/\\\/alicier.com\\\/index.php\\\/produit\\\/kit-bracelet-en-perles-au-metier-a-tisser-collection-lagon\\\/#primaryimage\"},\"image\":{\"@id\":\"https:\\\/\\\/alicier.com\\\/index.php\\\/produit\\\/kit-bracelet-en-perles-au-metier-a-tisser-collection-lagon\\\/#primaryimage\"},\"thumbnailUrl\":\"https:\\\/\\\/alicier.com\\\/wp-content\\\/uploads\\\/2026\\\/07\\\/bracelet_lagon_materiel.jpg\",\"datePublished\":\"2026-07-11T21:20:45+00:00\",\"dateModified\":\"2026-08-21T20:39:50+00:00\",\"description\":\"kit pour bracelet en perles au m\u00e9tier \u00e0 tisser Lagon : perles Miyuki, fil, aiguille, fermoir, livret, sch\u00e9ma, m\u00e9tier \u00e0 tisser et colle en option.\",\"breadcrumb\":{\"@id\":\"https:\\\/\\\/alicier.com\\\/index.php\\\/produit\\\/kit-bracelet-en-perles-au-metier-a-tisser-collection-lagon\\\/#breadcrumb\"},\"inLanguage\":\"fr-FR\",\"potentialAction\":[{\"@type\":\"ReadAction\",\"target\":[\"https:\\\/\\\/alicier.com\\\/index.php\\\/produit\\\/kit-bracelet-en-perles-au-metier-a-tisser-collection-lagon\\\/\"]}]},{\"@type\":\"ImageObject\",\"inLanguage\":\"fr-FR\",\"@id\":\"https:\\\/\\\/alicier.com\\\/index.php\\\/produit\\\/kit-bracelet-en-perles-au-metier-a-tisser-collection-lagon\\\/#primaryimage\",\"url\":\"https:\\\/\\\/alicier.com\\\/wp-content\\\/uploads\\\/2026\\\/07\\\/bracelet_lagon_materiel.jpg\",\"contentUrl\":\"https:\\\/\\\/alicier.com\\\/wp-content\\\/uploads\\\/2026\\\/07\\\/bracelet_lagon_materiel.jpg\",\"width\":1080,\"height\":1080},{\"@type\":\"BreadcrumbList\",\"@id\":\"https:\\\/\\\/alicier.com\\\/index.php\\\/produit\\\/kit-bracelet-en-perles-au-metier-a-tisser-collection-lagon\\\/#breadcrumb\",\"itemListElement\":[{\"@type\":\"ListItem\",\"position\":1,\"name\":\"Accueil\",\"item\":\"https:\\\/\\\/alicier.com\\\/\"},{\"@type\":\"ListItem\",\"position\":2,\"name\":\"Boutique\",\"item\":\"https:\\\/\\\/alicier.com\\\/index.php\\\/boutique\\\/\"},{\"@type\":\"ListItem\",\"position\":3,\"name\":\"Kit Bracelet en perles au m\u00e9tier \u00e0 tisser collection Lagon\"}]},{\"@type\":\"WebSite\",\"@id\":\"https:\\\/\\\/alicier.com\\\/#website\",\"url\":\"https:\\\/\\\/alicier.com\\\/\",\"name\":\"Alicier\",\"description\":\"Perles &amp; DIY\",\"publisher\":{\"@id\":\"https:\\\/\\\/alicier.com\\\/#organization\"},\"potentialAction\":[{\"@type\":\"SearchAction\",\"target\":{\"@type\":\"EntryPoint\",\"urlTemplate\":\"https:\\\/\\\/alicier.com\\\/?s={search_term_string}\"},\"query-input\":{\"@type\":\"PropertyValueSpecification\",\"valueRequired\":true,\"valueName\":\"search_term_string\"}}],\"inLanguage\":\"fr-FR\"},{\"@type\":\"Organization\",\"@id\":\"https:\\\/\\\/alicier.com\\\/#organization\",\"name\":\"Alicier\",\"url\":\"https:\\\/\\\/alicier.com\\\/\",\"logo\":{\"@type\":\"ImageObject\",\"inLanguage\":\"fr-FR\",\"@id\":\"https:\\\/\\\/alicier.com\\\/#\\\/schema\\\/logo\\\/image\\\/\",\"url\":\"https:\\\/\\\/alicier.com\\\/wp-content\\\/uploads\\\/2025\\\/04\\\/cropped-icon_alicier_2025_100.png\",\"contentUrl\":\"https:\\\/\\\/alicier.com\\\/wp-content\\\/uploads\\\/2025\\\/04\\\/cropped-icon_alicier_2025_100.png\",\"width\":100,\"height\":100,\"caption\":\"Alicier\"},\"image\":{\"@id\":\"https:\\\/\\\/alicier.com\\\/#\\\/schema\\\/logo\\\/image\\\/\"}}]}<\/script>\n<!-- \/ Yoast SEO plugin. -->","yoast_head_json":{"title":"Kit Bracelet en perles au m\u00e9tier \u00e0 tisser collection Lagon - Alicier","description":"kit pour bracelet en perles au m\u00e9tier \u00e0 tisser Lagon : perles Miyuki, fil, aiguille, fermoir, livret, sch\u00e9ma, m\u00e9tier \u00e0 tisser et colle en option.","robots":{"index":"index","follow":"follow","max-snippet":"max-snippet:-1","max-image-preview":"max-image-preview:large","max-video-preview":"max-video-preview:-1"},"canonical":"https:\/\/alicier.com\/index.php\/produit\/kit-bracelet-en-perles-au-metier-a-tisser-collection-lagon\/","og_locale":"fr_FR","og_type":"article","og_title":"Kit Bracelet en perles au m\u00e9tier \u00e0 tisser collection Lagon - Alicier","og_description":"kit pour bracelet en perles au m\u00e9tier \u00e0 tisser Lagon : perles Miyuki, fil, aiguille, fermoir, livret, sch\u00e9ma, m\u00e9tier \u00e0 tisser et colle en option.","og_url":"https:\/\/alicier.com\/index.php\/produit\/kit-bracelet-en-perles-au-metier-a-tisser-collection-lagon\/","og_site_name":"Alicier","article_modified_time":"2026-08-21T20:39:50+00:00","og_image":[{"width":1080,"height":1080,"url":"https:\/\/alicier.com\/wp-content\/uploads\/2026\/07\/bracelet_lagon_materiel.jpg","type":"image\/jpeg"}],"twitter_card":"summary_large_image","twitter_misc":{"Dur\u00e9e de lecture estim\u00e9e":"2 minutes"},"schema":{"@context":"https:\/\/schema.org","@graph":[{"@type":"WebPage","@id":"https:\/\/alicier.com\/index.php\/produit\/kit-bracelet-en-perles-au-metier-a-tisser-collection-lagon\/","url":"https:\/\/alicier.com\/index.php\/produit\/kit-bracelet-en-perles-au-metier-a-tisser-collection-lagon\/","name":"Kit Bracelet en perles au m\u00e9tier \u00e0 tisser collection Lagon - Alicier","isPartOf":{"@id":"https:\/\/alicier.com\/#website"},"primaryImageOfPage":{"@id":"https:\/\/alicier.com\/index.php\/produit\/kit-bracelet-en-perles-au-metier-a-tisser-collection-lagon\/#primaryimage"},"image":{"@id":"https:\/\/alicier.com\/index.php\/produit\/kit-bracelet-en-perles-au-metier-a-tisser-collection-lagon\/#primaryimage"},"thumbnailUrl":"https:\/\/alicier.com\/wp-content\/uploads\/2026\/07\/bracelet_lagon_materiel.jpg","datePublished":"2026-07-11T21:20:45+00:00","dateModified":"2026-08-21T20:39:50+00:00","description":"kit pour bracelet en perles au m\u00e9tier \u00e0 tisser Lagon : perles Miyuki, fil, aiguille, fermoir, livret, sch\u00e9ma, m\u00e9tier \u00e0 tisser et colle en option.","breadcrumb":{"@id":"https:\/\/alicier.com\/index.php\/produit\/kit-bracelet-en-perles-au-metier-a-tisser-collection-lagon\/#breadcrumb"},"inLanguage":"fr-FR","potentialAction":[{"@type":"ReadAction","target":["https:\/\/alicier.com\/index.php\/produit\/kit-bracelet-en-perles-au-metier-a-tisser-collection-lagon\/"]}]},{"@type":"ImageObject","inLanguage":"fr-FR","@id":"https:\/\/alicier.com\/index.php\/produit\/kit-bracelet-en-perles-au-metier-a-tisser-collection-lagon\/#primaryimage","url":"https:\/\/alicier.com\/wp-content\/uploads\/2026\/07\/bracelet_lagon_materiel.jpg","contentUrl":"https:\/\/alicier.com\/wp-content\/uploads\/2026\/07\/bracelet_lagon_materiel.jpg","width":1080,"height":1080},{"@type":"BreadcrumbList","@id":"https:\/\/alicier.com\/index.php\/produit\/kit-bracelet-en-perles-au-metier-a-tisser-collection-lagon\/#breadcrumb","itemListElement":[{"@type":"ListItem","position":1,"name":"Accueil","item":"https:\/\/alicier.com\/"},{"@type":"ListItem","position":2,"name":"Boutique","item":"https:\/\/alicier.com\/index.php\/boutique\/"},{"@type":"ListItem","position":3,"name":"Kit Bracelet en perles au m\u00e9tier \u00e0 tisser collection Lagon"}]},{"@type":"WebSite","@id":"https:\/\/alicier.com\/#website","url":"https:\/\/alicier.com\/","name":"Alicier","description":"Perles &amp; DIY","publisher":{"@id":"https:\/\/alicier.com\/#organization"},"potentialAction":[{"@type":"SearchAction","target":{"@type":"EntryPoint","urlTemplate":"https:\/\/alicier.com\/?s={search_term_string}"},"query-input":{"@type":"PropertyValueSpecification","valueRequired":true,"valueName":"search_term_string"}}],"inLanguage":"fr-FR"},{"@type":"Organization","@id":"https:\/\/alicier.com\/#organization","name":"Alicier","url":"https:\/\/alicier.com\/","logo":{"@type":"ImageObject","inLanguage":"fr-FR","@id":"https:\/\/alicier.com\/#\/schema\/logo\/image\/","url":"https:\/\/alicier.com\/wp-content\/uploads\/2025\/04\/cropped-icon_alicier_2025_100.png","contentUrl":"https:\/\/alicier.com\/wp-content\/uploads\/2025\/04\/cropped-icon_alicier_2025_100.png","width":100,"height":100,"caption":"Alicier"},"image":{"@id":"https:\/\/alicier.com\/#\/schema\/logo\/image\/"}}]}},"jetpack_sharing_enabled":true,"_links":{"self":[{"href":"https:\/\/alicier.com\/index.php\/wp-json\/wp\/v2\/product\/3145","targetHints":{"allow":["GET"]}}],"collection":[{"href":"https:\/\/alicier.com\/index.php\/wp-json\/wp\/v2\/product"}],"about":[{"href":"https:\/\/alicier.com\/index.php\/wp-json\/wp\/v2\/types\/product"}],"replies":[{"embeddable":true,"href":"https:\/\/alicier.com\/index.php\/wp-json\/wp\/v2\/comments?post=3145"}],"wp:featuredmedia":[{"embeddable":true,"href":"https:\/\/alicier.com\/index.php\/wp-json\/wp\/v2\/media\/3154"}],"wp:attachment":[{"href":"https:\/\/alicier.com\/index.php\/wp-json\/wp\/v2\/media?parent=3145"}],"wp:term":[{"taxonomy":"product_brand","embeddable":true,"href":"https:\/\/alicier.com\/index.php\/wp-json\/wp\/v2\/product_brand?post=3145"},{"taxonomy":"product_cat","embeddable":true,"href":"https:\/\/alicier.com\/index.php\/wp-json\/wp\/v2\/product_cat?post=3145"},{"taxonomy":"product_tag","embeddable":true,"href":"https:\/\/alicier.com\/index.php\/wp-json\/wp\/v2\/product_tag?post=3145"}],"curies":[{"name":"wp","href":"https:\/\/api.w.org\/{rel}","templated":true}]}}