{"id":2743,"date":"2026-03-13T15:55:09","date_gmt":"2026-03-13T14:55:09","guid":{"rendered":"https:\/\/alicier.com\/?post_type=product&#038;p=2743"},"modified":"2026-03-13T15:57:32","modified_gmt":"2026-03-13T14:57:32","slug":"boucles-doreilles-tulipes-rouges-en-perles","status":"publish","type":"product","link":"https:\/\/alicier.com\/index.php\/produit\/boucles-doreilles-tulipes-rouges-en-perles\/","title":{"rendered":"Boucles d&#8217;oreilles Tulipes rouges en perles"},"content":{"rendered":"<p>Ces <strong>boucles d\u2019oreilles Tulipes rouges en perles<\/strong> sont de petites cr\u00e9ations d\u00e9licates, parfaites pour apporter une touche fleurie, douce et lumineuse \u00e0 vos tenues printanni\u00e8res. Elles sont fabriqu\u00e9es avec des perles Miyuki et form\u00e9es en forme de tulipes gr\u00e2ce \u00e0 du fil de cuivre dor\u00e9.<\/p>\n<p>C&#8217;est un mod\u00e8le de boucles d&#8217;oreilles frais et raffin\u00e9. Le rouge apporte une note color\u00e9e, tandis que la forme tulipe donne tout de suite un petit air fantaisie \u00e0 ces boucles d\u2019oreilles en perles. C\u2019est un bijou fait main qui ajoute un peu de couleurs en douceur.<\/p>\n<p>Ces boucles d\u2019oreilles fleurs sont mont\u00e9es sur une paire de dormeuses en acier inoxydable dor\u00e9 304L. Elles mesurent environ 5 cm de long une fois port\u00e9es.<\/p>\n<p>Si vous aimez faire des bijoux en perles inspir\u00e9s de la nature, ces boucles d\u2019oreilles tulipes rouges existent aussi sous forme de mini <a href=\"https:\/\/alicier.com\/index.php\/categorie-produit\/kit-creatif-adulte\/\">kit boucles d&#8217;oreilles tulipes en perles<\/a>.<\/p>\n","protected":false},"excerpt":{"rendered":"<p>Ces boucles d\u2019oreilles Tulipes rouges en perles sont de petites cr\u00e9ations d\u00e9licates, parfaites pour apporter une touche fleurie, douce et lumineuse \u00e0 vos tenues printanni\u00e8res. Elles sont fabriqu\u00e9es avec des&#8230;<\/p>\n","protected":false},"featured_media":2691,"comment_status":"closed","ping_status":"closed","template":"","meta":[],"product_brand":[83],"product_cat":[112],"product_tag":[115],"class_list":{"0":"post-2743","1":"product","2":"type-product","3":"status-publish","4":"has-post-thumbnail","6":"product_brand-alicier","7":"product_cat-boucles-d-oreilles-artisanales","8":"product_tag-boucles-doreilles","10":"first","11":"instock","12":"shipping-taxable","13":"purchasable","14":"product-type-simple"},"yoast_head":"<!-- This site is optimized with the Yoast SEO plugin v27.5 - https:\/\/yoast.com\/product\/yoast-seo-wordpress\/ -->\n<title>Boucles d&#039;oreilles tulipes rouges en perles fait main<\/title>\n<meta name=\"description\" content=\"Boucles d&#039;oreilles tulipes rouges en perles fabriqu\u00e9es en Occitanie (France). Ces petites boucles d&#039;oreilles d\u00e9licates existent en plusieurs couleurs.\" \/>\n<meta name=\"robots\" content=\"index, follow, max-snippet:-1, max-image-preview:large, max-video-preview:-1\" \/>\n<link rel=\"canonical\" href=\"https:\/\/alicier.com\/index.php\/produit\/boucles-doreilles-tulipes-rouges-en-perles\/\" \/>\n<meta property=\"og:locale\" content=\"fr_FR\" \/>\n<meta property=\"og:type\" content=\"article\" \/>\n<meta property=\"og:title\" content=\"Boucles d&#039;oreilles tulipes rouges en perles fait main\" \/>\n<meta property=\"og:description\" content=\"Boucles d&#039;oreilles tulipes rouges en perles fabriqu\u00e9es en Occitanie (France). Ces petites boucles d&#039;oreilles d\u00e9licates existent en plusieurs couleurs.\" \/>\n<meta property=\"og:url\" content=\"https:\/\/alicier.com\/index.php\/produit\/boucles-doreilles-tulipes-rouges-en-perles\/\" \/>\n<meta property=\"og:site_name\" content=\"Alicier\" \/>\n<meta property=\"article:modified_time\" content=\"2026-03-13T14:57:32+00:00\" \/>\n<meta property=\"og:image\" content=\"https:\/\/alicier.com\/wp-content\/uploads\/2026\/03\/kit_tulipes_en_perles_miyuki_rouge.jpg\" \/>\n\t<meta property=\"og:image:width\" content=\"1080\" \/>\n\t<meta property=\"og:image:height\" content=\"1080\" \/>\n\t<meta property=\"og:image:type\" content=\"image\/jpeg\" \/>\n<meta name=\"twitter:card\" content=\"summary_large_image\" \/>\n<meta name=\"twitter:label1\" content=\"Dur\u00e9e de lecture estim\u00e9e\" \/>\n\t<meta name=\"twitter:data1\" content=\"1 minute\" \/>\n<script type=\"application\/ld+json\" class=\"yoast-schema-graph\">{\"@context\":\"https:\\\/\\\/schema.org\",\"@graph\":[{\"@type\":\"WebPage\",\"@id\":\"https:\\\/\\\/alicier.com\\\/index.php\\\/produit\\\/boucles-doreilles-tulipes-rouges-en-perles\\\/\",\"url\":\"https:\\\/\\\/alicier.com\\\/index.php\\\/produit\\\/boucles-doreilles-tulipes-rouges-en-perles\\\/\",\"name\":\"Boucles d'oreilles tulipes rouges en perles fait main\",\"isPartOf\":{\"@id\":\"https:\\\/\\\/alicier.com\\\/#website\"},\"primaryImageOfPage\":{\"@id\":\"https:\\\/\\\/alicier.com\\\/index.php\\\/produit\\\/boucles-doreilles-tulipes-rouges-en-perles\\\/#primaryimage\"},\"image\":{\"@id\":\"https:\\\/\\\/alicier.com\\\/index.php\\\/produit\\\/boucles-doreilles-tulipes-rouges-en-perles\\\/#primaryimage\"},\"thumbnailUrl\":\"https:\\\/\\\/alicier.com\\\/wp-content\\\/uploads\\\/2026\\\/03\\\/kit_tulipes_en_perles_miyuki_rouge.jpg\",\"datePublished\":\"2026-03-13T14:55:09+00:00\",\"dateModified\":\"2026-03-13T14:57:32+00:00\",\"description\":\"Boucles d'oreilles tulipes rouges en perles fabriqu\u00e9es en Occitanie (France). Ces petites boucles d'oreilles d\u00e9licates existent en plusieurs couleurs.\",\"breadcrumb\":{\"@id\":\"https:\\\/\\\/alicier.com\\\/index.php\\\/produit\\\/boucles-doreilles-tulipes-rouges-en-perles\\\/#breadcrumb\"},\"inLanguage\":\"fr-FR\",\"potentialAction\":[{\"@type\":\"ReadAction\",\"target\":[\"https:\\\/\\\/alicier.com\\\/index.php\\\/produit\\\/boucles-doreilles-tulipes-rouges-en-perles\\\/\"]}]},{\"@type\":\"ImageObject\",\"inLanguage\":\"fr-FR\",\"@id\":\"https:\\\/\\\/alicier.com\\\/index.php\\\/produit\\\/boucles-doreilles-tulipes-rouges-en-perles\\\/#primaryimage\",\"url\":\"https:\\\/\\\/alicier.com\\\/wp-content\\\/uploads\\\/2026\\\/03\\\/kit_tulipes_en_perles_miyuki_rouge.jpg\",\"contentUrl\":\"https:\\\/\\\/alicier.com\\\/wp-content\\\/uploads\\\/2026\\\/03\\\/kit_tulipes_en_perles_miyuki_rouge.jpg\",\"width\":1080,\"height\":1080,\"caption\":\"Boucles d'oreilles tulipes rouges en perles\"},{\"@type\":\"BreadcrumbList\",\"@id\":\"https:\\\/\\\/alicier.com\\\/index.php\\\/produit\\\/boucles-doreilles-tulipes-rouges-en-perles\\\/#breadcrumb\",\"itemListElement\":[{\"@type\":\"ListItem\",\"position\":1,\"name\":\"Accueil\",\"item\":\"https:\\\/\\\/alicier.com\\\/\"},{\"@type\":\"ListItem\",\"position\":2,\"name\":\"Boutique\",\"item\":\"https:\\\/\\\/alicier.com\\\/index.php\\\/boutique\\\/\"},{\"@type\":\"ListItem\",\"position\":3,\"name\":\"Boucles d&#8217;oreilles Tulipes rouges en perles\"}]},{\"@type\":\"WebSite\",\"@id\":\"https:\\\/\\\/alicier.com\\\/#website\",\"url\":\"https:\\\/\\\/alicier.com\\\/\",\"name\":\"Alicier\",\"description\":\"Perles &amp; DIY\",\"publisher\":{\"@id\":\"https:\\\/\\\/alicier.com\\\/#organization\"},\"potentialAction\":[{\"@type\":\"SearchAction\",\"target\":{\"@type\":\"EntryPoint\",\"urlTemplate\":\"https:\\\/\\\/alicier.com\\\/?s={search_term_string}\"},\"query-input\":{\"@type\":\"PropertyValueSpecification\",\"valueRequired\":true,\"valueName\":\"search_term_string\"}}],\"inLanguage\":\"fr-FR\"},{\"@type\":\"Organization\",\"@id\":\"https:\\\/\\\/alicier.com\\\/#organization\",\"name\":\"Alicier\",\"url\":\"https:\\\/\\\/alicier.com\\\/\",\"logo\":{\"@type\":\"ImageObject\",\"inLanguage\":\"fr-FR\",\"@id\":\"https:\\\/\\\/alicier.com\\\/#\\\/schema\\\/logo\\\/image\\\/\",\"url\":\"https:\\\/\\\/alicier.com\\\/wp-content\\\/uploads\\\/2025\\\/04\\\/cropped-icon_alicier_2025_100.png\",\"contentUrl\":\"https:\\\/\\\/alicier.com\\\/wp-content\\\/uploads\\\/2025\\\/04\\\/cropped-icon_alicier_2025_100.png\",\"width\":100,\"height\":100,\"caption\":\"Alicier\"},\"image\":{\"@id\":\"https:\\\/\\\/alicier.com\\\/#\\\/schema\\\/logo\\\/image\\\/\"}}]}<\/script>\n<!-- \/ Yoast SEO plugin. -->","yoast_head_json":{"title":"Boucles d'oreilles tulipes rouges en perles fait main","description":"Boucles d'oreilles tulipes rouges en perles fabriqu\u00e9es en Occitanie (France). Ces petites boucles d'oreilles d\u00e9licates existent en plusieurs couleurs.","robots":{"index":"index","follow":"follow","max-snippet":"max-snippet:-1","max-image-preview":"max-image-preview:large","max-video-preview":"max-video-preview:-1"},"canonical":"https:\/\/alicier.com\/index.php\/produit\/boucles-doreilles-tulipes-rouges-en-perles\/","og_locale":"fr_FR","og_type":"article","og_title":"Boucles d'oreilles tulipes rouges en perles fait main","og_description":"Boucles d'oreilles tulipes rouges en perles fabriqu\u00e9es en Occitanie (France). Ces petites boucles d'oreilles d\u00e9licates existent en plusieurs couleurs.","og_url":"https:\/\/alicier.com\/index.php\/produit\/boucles-doreilles-tulipes-rouges-en-perles\/","og_site_name":"Alicier","article_modified_time":"2026-03-13T14:57:32+00:00","og_image":[{"width":1080,"height":1080,"url":"https:\/\/alicier.com\/wp-content\/uploads\/2026\/03\/kit_tulipes_en_perles_miyuki_rouge.jpg","type":"image\/jpeg"}],"twitter_card":"summary_large_image","twitter_misc":{"Dur\u00e9e de lecture estim\u00e9e":"1 minute"},"schema":{"@context":"https:\/\/schema.org","@graph":[{"@type":"WebPage","@id":"https:\/\/alicier.com\/index.php\/produit\/boucles-doreilles-tulipes-rouges-en-perles\/","url":"https:\/\/alicier.com\/index.php\/produit\/boucles-doreilles-tulipes-rouges-en-perles\/","name":"Boucles d'oreilles tulipes rouges en perles fait main","isPartOf":{"@id":"https:\/\/alicier.com\/#website"},"primaryImageOfPage":{"@id":"https:\/\/alicier.com\/index.php\/produit\/boucles-doreilles-tulipes-rouges-en-perles\/#primaryimage"},"image":{"@id":"https:\/\/alicier.com\/index.php\/produit\/boucles-doreilles-tulipes-rouges-en-perles\/#primaryimage"},"thumbnailUrl":"https:\/\/alicier.com\/wp-content\/uploads\/2026\/03\/kit_tulipes_en_perles_miyuki_rouge.jpg","datePublished":"2026-03-13T14:55:09+00:00","dateModified":"2026-03-13T14:57:32+00:00","description":"Boucles d'oreilles tulipes rouges en perles fabriqu\u00e9es en Occitanie (France). Ces petites boucles d'oreilles d\u00e9licates existent en plusieurs couleurs.","breadcrumb":{"@id":"https:\/\/alicier.com\/index.php\/produit\/boucles-doreilles-tulipes-rouges-en-perles\/#breadcrumb"},"inLanguage":"fr-FR","potentialAction":[{"@type":"ReadAction","target":["https:\/\/alicier.com\/index.php\/produit\/boucles-doreilles-tulipes-rouges-en-perles\/"]}]},{"@type":"ImageObject","inLanguage":"fr-FR","@id":"https:\/\/alicier.com\/index.php\/produit\/boucles-doreilles-tulipes-rouges-en-perles\/#primaryimage","url":"https:\/\/alicier.com\/wp-content\/uploads\/2026\/03\/kit_tulipes_en_perles_miyuki_rouge.jpg","contentUrl":"https:\/\/alicier.com\/wp-content\/uploads\/2026\/03\/kit_tulipes_en_perles_miyuki_rouge.jpg","width":1080,"height":1080,"caption":"Boucles d'oreilles tulipes rouges en perles"},{"@type":"BreadcrumbList","@id":"https:\/\/alicier.com\/index.php\/produit\/boucles-doreilles-tulipes-rouges-en-perles\/#breadcrumb","itemListElement":[{"@type":"ListItem","position":1,"name":"Accueil","item":"https:\/\/alicier.com\/"},{"@type":"ListItem","position":2,"name":"Boutique","item":"https:\/\/alicier.com\/index.php\/boutique\/"},{"@type":"ListItem","position":3,"name":"Boucles d&#8217;oreilles Tulipes rouges en perles"}]},{"@type":"WebSite","@id":"https:\/\/alicier.com\/#website","url":"https:\/\/alicier.com\/","name":"Alicier","description":"Perles &amp; DIY","publisher":{"@id":"https:\/\/alicier.com\/#organization"},"potentialAction":[{"@type":"SearchAction","target":{"@type":"EntryPoint","urlTemplate":"https:\/\/alicier.com\/?s={search_term_string}"},"query-input":{"@type":"PropertyValueSpecification","valueRequired":true,"valueName":"search_term_string"}}],"inLanguage":"fr-FR"},{"@type":"Organization","@id":"https:\/\/alicier.com\/#organization","name":"Alicier","url":"https:\/\/alicier.com\/","logo":{"@type":"ImageObject","inLanguage":"fr-FR","@id":"https:\/\/alicier.com\/#\/schema\/logo\/image\/","url":"https:\/\/alicier.com\/wp-content\/uploads\/2025\/04\/cropped-icon_alicier_2025_100.png","contentUrl":"https:\/\/alicier.com\/wp-content\/uploads\/2025\/04\/cropped-icon_alicier_2025_100.png","width":100,"height":100,"caption":"Alicier"},"image":{"@id":"https:\/\/alicier.com\/#\/schema\/logo\/image\/"}}]}},"jetpack_sharing_enabled":true,"_links":{"self":[{"href":"https:\/\/alicier.com\/index.php\/wp-json\/wp\/v2\/product\/2743","targetHints":{"allow":["GET"]}}],"collection":[{"href":"https:\/\/alicier.com\/index.php\/wp-json\/wp\/v2\/product"}],"about":[{"href":"https:\/\/alicier.com\/index.php\/wp-json\/wp\/v2\/types\/product"}],"replies":[{"embeddable":true,"href":"https:\/\/alicier.com\/index.php\/wp-json\/wp\/v2\/comments?post=2743"}],"wp:featuredmedia":[{"embeddable":true,"href":"https:\/\/alicier.com\/index.php\/wp-json\/wp\/v2\/media\/2691"}],"wp:attachment":[{"href":"https:\/\/alicier.com\/index.php\/wp-json\/wp\/v2\/media?parent=2743"}],"wp:term":[{"taxonomy":"product_brand","embeddable":true,"href":"https:\/\/alicier.com\/index.php\/wp-json\/wp\/v2\/product_brand?post=2743"},{"taxonomy":"product_cat","embeddable":true,"href":"https:\/\/alicier.com\/index.php\/wp-json\/wp\/v2\/product_cat?post=2743"},{"taxonomy":"product_tag","embeddable":true,"href":"https:\/\/alicier.com\/index.php\/wp-json\/wp\/v2\/product_tag?post=2743"}],"curies":[{"name":"wp","href":"https:\/\/api.w.org\/{rel}","templated":true}]}}