{"id":2682,"date":"2026-03-11T16:08:53","date_gmt":"2026-03-11T15:08:53","guid":{"rendered":"https:\/\/alicier.com\/?post_type=product&#038;p=2682"},"modified":"2026-03-28T20:22:34","modified_gmt":"2026-03-28T19:22:34","slug":"mini-kit-boucles-doreilles-tulipes-en-perles","status":"publish","type":"product","link":"https:\/\/alicier.com\/index.php\/produit\/mini-kit-boucles-doreilles-tulipes-en-perles\/","title":{"rendered":"Mini Kit Boucles d&#8217;oreilles Tulipes en perles &#8211; Plusieurs choix de couleurs"},"content":{"rendered":"<p>Ce mini <strong>kit boucles d&#8217;oreilles Tulipes en perles<\/strong> est un petit projet cr\u00e9atif rapide pour se mettre dans l&#8217;ambiance du printemps. <strong>Il vous faudra une pince coupante<\/strong> pour r\u00e9aliser ses <strong>boucles d&#8217;oreilles fleurs en perles<\/strong> et fil de cuivre. C&#8217;est un tutoriel d\u00e9butant mais minutieux. Ce mini-kit perles accompagne le tutoriel vid\u00e9o sortie sur ma cha\u00eene YouTube Lalicier le 13 avril 2026. Dans le kit, vous aurez un QR code pour retrouver facilement la vid\u00e9o sans prise de t\u00eate. L&#8217;acc\u00e8s \u00e0 cette vid\u00e9o est libre sans obligation d&#8217;achat.<\/p>\n<p>Le kit boucles d&#8217;oreilles tulipes en perles contient :<\/p>\n<ul>\n<li>1 g de perles Miyuki Delica 11\/0 de la couleur de votre choix (\u00e0 s\u00e9lectionner dans la liste d\u00e9roulante).<\/li>\n<li>1 g de rocailles Miyuki 11\/0 2375 &#8211; Sage Luster<\/li>\n<li>1 paire de boucles d&#8217;oreilles type &#8220;dormeuses&#8221; en acier inox dor\u00e9 304L<\/li>\n<li>2 coupelles fleurs<\/li>\n<li>1 m de fil de cuivre dor\u00e9<\/li>\n<\/ul>\n<p>Temps de r\u00e9alisation : Entre 20 minutes et 40 minutes<\/p>\n<p>Les boucles d&#8217;oreilles font environ 5 cm de long une fois finies.<\/p>\n<p>Les perles utilis\u00e9es pour faire les tulipes existent aussi sous forme d&#8217;<a href=\"https:\/\/alicier.com\/index.php\/produit\/assortiment-perles-miyuki-printemps\/\">assortiment de perles Miyuki<\/a> x20g.<\/p>\n","protected":false},"excerpt":{"rendered":"<p>D\u00e9couvrez les mini <strong>kits boucles d&#8217;oreilles Tulipes en perles<\/strong>. Ce projet DIY perles tr\u00e8s printannier vous prendra moins d&#8217;1h. C&#8217;est un petit kit rapide \u00e0 faire, id\u00e9al pour un cadeau ou un atelier m\u00e8re-fille. <strong>Tout le mat\u00e9riel est inclu, except\u00e9 la pince coupante<\/strong>. Le kit ne contient pas d&#8217;instructions \u00e9crites mais renvoi au tutoriel vid\u00e9o disponible sur ma cha\u00eene YouTube.<\/p>\n","protected":false},"featured_media":2676,"comment_status":"closed","ping_status":"closed","template":"","meta":[],"product_brand":[83],"product_cat":[77],"product_tag":[113],"class_list":{"0":"post-2682","1":"product","2":"type-product","3":"status-publish","4":"has-post-thumbnail","6":"product_brand-alicier","7":"product_cat-kit-creatif-adulte","8":"product_tag-kit-perles","10":"first","11":"instock","12":"shipping-taxable","13":"purchasable","14":"product-type-variable"},"yoast_head":"<!-- This site is optimized with the Yoast SEO plugin v27.5 - https:\/\/yoast.com\/product\/yoast-seo-wordpress\/ -->\n<title>Kit Boucles d&#039;oreilles tulipes en perles<\/title>\n<meta name=\"description\" content=\"Mini kit boucles d&#039;oreilles tulipes en perles avec des perles Miyuki. Gr\u00e2ce au tuto vid\u00e9o, r\u00e9alisez des boucles d&#039;oreilles fleurs en perles Miyuki.\" \/>\n<meta name=\"robots\" content=\"index, follow, max-snippet:-1, max-image-preview:large, max-video-preview:-1\" \/>\n<link rel=\"canonical\" href=\"https:\/\/alicier.com\/index.php\/produit\/mini-kit-boucles-doreilles-tulipes-en-perles\/\" \/>\n<meta property=\"og:locale\" content=\"fr_FR\" \/>\n<meta property=\"og:type\" content=\"article\" \/>\n<meta property=\"og:title\" content=\"Kit Boucles d&#039;oreilles tulipes en perles\" \/>\n<meta property=\"og:description\" content=\"Mini kit boucles d&#039;oreilles tulipes en perles avec des perles Miyuki. Gr\u00e2ce au tuto vid\u00e9o, r\u00e9alisez des boucles d&#039;oreilles fleurs en perles Miyuki.\" \/>\n<meta property=\"og:url\" content=\"https:\/\/alicier.com\/index.php\/produit\/mini-kit-boucles-doreilles-tulipes-en-perles\/\" \/>\n<meta property=\"og:site_name\" content=\"Alicier\" \/>\n<meta property=\"article:modified_time\" content=\"2026-03-28T19:22:34+00:00\" \/>\n<meta property=\"og:image\" content=\"https:\/\/alicier.com\/wp-content\/uploads\/2026\/03\/kit_tulipes_en_perles_miyuki-2.jpg\" \/>\n\t<meta property=\"og:image:width\" content=\"1080\" \/>\n\t<meta property=\"og:image:height\" content=\"1080\" \/>\n\t<meta property=\"og:image:type\" content=\"image\/jpeg\" \/>\n<meta name=\"twitter:card\" content=\"summary_large_image\" \/>\n<meta name=\"twitter:label1\" content=\"Dur\u00e9e de lecture estim\u00e9e\" \/>\n\t<meta name=\"twitter:data1\" content=\"2 minutes\" \/>\n<script type=\"application\/ld+json\" class=\"yoast-schema-graph\">{\"@context\":\"https:\\\/\\\/schema.org\",\"@graph\":[{\"@type\":\"WebPage\",\"@id\":\"https:\\\/\\\/alicier.com\\\/index.php\\\/produit\\\/mini-kit-boucles-doreilles-tulipes-en-perles\\\/\",\"url\":\"https:\\\/\\\/alicier.com\\\/index.php\\\/produit\\\/mini-kit-boucles-doreilles-tulipes-en-perles\\\/\",\"name\":\"Kit Boucles d'oreilles tulipes en perles\",\"isPartOf\":{\"@id\":\"https:\\\/\\\/alicier.com\\\/#website\"},\"primaryImageOfPage\":{\"@id\":\"https:\\\/\\\/alicier.com\\\/index.php\\\/produit\\\/mini-kit-boucles-doreilles-tulipes-en-perles\\\/#primaryimage\"},\"image\":{\"@id\":\"https:\\\/\\\/alicier.com\\\/index.php\\\/produit\\\/mini-kit-boucles-doreilles-tulipes-en-perles\\\/#primaryimage\"},\"thumbnailUrl\":\"https:\\\/\\\/alicier.com\\\/wp-content\\\/uploads\\\/2026\\\/03\\\/kit_tulipes_en_perles_miyuki-2.jpg\",\"datePublished\":\"2026-03-11T15:08:53+00:00\",\"dateModified\":\"2026-03-28T19:22:34+00:00\",\"description\":\"Mini kit boucles d'oreilles tulipes en perles avec des perles Miyuki. Gr\u00e2ce au tuto vid\u00e9o, r\u00e9alisez des boucles d'oreilles fleurs en perles Miyuki.\",\"breadcrumb\":{\"@id\":\"https:\\\/\\\/alicier.com\\\/index.php\\\/produit\\\/mini-kit-boucles-doreilles-tulipes-en-perles\\\/#breadcrumb\"},\"inLanguage\":\"fr-FR\",\"potentialAction\":[{\"@type\":\"ReadAction\",\"target\":[\"https:\\\/\\\/alicier.com\\\/index.php\\\/produit\\\/mini-kit-boucles-doreilles-tulipes-en-perles\\\/\"]}]},{\"@type\":\"ImageObject\",\"inLanguage\":\"fr-FR\",\"@id\":\"https:\\\/\\\/alicier.com\\\/index.php\\\/produit\\\/mini-kit-boucles-doreilles-tulipes-en-perles\\\/#primaryimage\",\"url\":\"https:\\\/\\\/alicier.com\\\/wp-content\\\/uploads\\\/2026\\\/03\\\/kit_tulipes_en_perles_miyuki-2.jpg\",\"contentUrl\":\"https:\\\/\\\/alicier.com\\\/wp-content\\\/uploads\\\/2026\\\/03\\\/kit_tulipes_en_perles_miyuki-2.jpg\",\"width\":1080,\"height\":1080,\"caption\":\"kit boucles d'oreilles tulipes en perles\"},{\"@type\":\"BreadcrumbList\",\"@id\":\"https:\\\/\\\/alicier.com\\\/index.php\\\/produit\\\/mini-kit-boucles-doreilles-tulipes-en-perles\\\/#breadcrumb\",\"itemListElement\":[{\"@type\":\"ListItem\",\"position\":1,\"name\":\"Accueil\",\"item\":\"https:\\\/\\\/alicier.com\\\/\"},{\"@type\":\"ListItem\",\"position\":2,\"name\":\"Boutique\",\"item\":\"https:\\\/\\\/alicier.com\\\/index.php\\\/boutique\\\/\"},{\"@type\":\"ListItem\",\"position\":3,\"name\":\"Mini Kit Boucles d&#8217;oreilles Tulipes en perles &#8211; Plusieurs choix de couleurs\"}]},{\"@type\":\"WebSite\",\"@id\":\"https:\\\/\\\/alicier.com\\\/#website\",\"url\":\"https:\\\/\\\/alicier.com\\\/\",\"name\":\"Alicier\",\"description\":\"Perles &amp; DIY\",\"publisher\":{\"@id\":\"https:\\\/\\\/alicier.com\\\/#organization\"},\"potentialAction\":[{\"@type\":\"SearchAction\",\"target\":{\"@type\":\"EntryPoint\",\"urlTemplate\":\"https:\\\/\\\/alicier.com\\\/?s={search_term_string}\"},\"query-input\":{\"@type\":\"PropertyValueSpecification\",\"valueRequired\":true,\"valueName\":\"search_term_string\"}}],\"inLanguage\":\"fr-FR\"},{\"@type\":\"Organization\",\"@id\":\"https:\\\/\\\/alicier.com\\\/#organization\",\"name\":\"Alicier\",\"url\":\"https:\\\/\\\/alicier.com\\\/\",\"logo\":{\"@type\":\"ImageObject\",\"inLanguage\":\"fr-FR\",\"@id\":\"https:\\\/\\\/alicier.com\\\/#\\\/schema\\\/logo\\\/image\\\/\",\"url\":\"https:\\\/\\\/alicier.com\\\/wp-content\\\/uploads\\\/2025\\\/04\\\/cropped-icon_alicier_2025_100.png\",\"contentUrl\":\"https:\\\/\\\/alicier.com\\\/wp-content\\\/uploads\\\/2025\\\/04\\\/cropped-icon_alicier_2025_100.png\",\"width\":100,\"height\":100,\"caption\":\"Alicier\"},\"image\":{\"@id\":\"https:\\\/\\\/alicier.com\\\/#\\\/schema\\\/logo\\\/image\\\/\"}}]}<\/script>\n<!-- \/ Yoast SEO plugin. -->","yoast_head_json":{"title":"Kit Boucles d'oreilles tulipes en perles","description":"Mini kit boucles d'oreilles tulipes en perles avec des perles Miyuki. Gr\u00e2ce au tuto vid\u00e9o, r\u00e9alisez des boucles d'oreilles fleurs en perles Miyuki.","robots":{"index":"index","follow":"follow","max-snippet":"max-snippet:-1","max-image-preview":"max-image-preview:large","max-video-preview":"max-video-preview:-1"},"canonical":"https:\/\/alicier.com\/index.php\/produit\/mini-kit-boucles-doreilles-tulipes-en-perles\/","og_locale":"fr_FR","og_type":"article","og_title":"Kit Boucles d'oreilles tulipes en perles","og_description":"Mini kit boucles d'oreilles tulipes en perles avec des perles Miyuki. Gr\u00e2ce au tuto vid\u00e9o, r\u00e9alisez des boucles d'oreilles fleurs en perles Miyuki.","og_url":"https:\/\/alicier.com\/index.php\/produit\/mini-kit-boucles-doreilles-tulipes-en-perles\/","og_site_name":"Alicier","article_modified_time":"2026-03-28T19:22:34+00:00","og_image":[{"width":1080,"height":1080,"url":"https:\/\/alicier.com\/wp-content\/uploads\/2026\/03\/kit_tulipes_en_perles_miyuki-2.jpg","type":"image\/jpeg"}],"twitter_card":"summary_large_image","twitter_misc":{"Dur\u00e9e de lecture estim\u00e9e":"2 minutes"},"schema":{"@context":"https:\/\/schema.org","@graph":[{"@type":"WebPage","@id":"https:\/\/alicier.com\/index.php\/produit\/mini-kit-boucles-doreilles-tulipes-en-perles\/","url":"https:\/\/alicier.com\/index.php\/produit\/mini-kit-boucles-doreilles-tulipes-en-perles\/","name":"Kit Boucles d'oreilles tulipes en perles","isPartOf":{"@id":"https:\/\/alicier.com\/#website"},"primaryImageOfPage":{"@id":"https:\/\/alicier.com\/index.php\/produit\/mini-kit-boucles-doreilles-tulipes-en-perles\/#primaryimage"},"image":{"@id":"https:\/\/alicier.com\/index.php\/produit\/mini-kit-boucles-doreilles-tulipes-en-perles\/#primaryimage"},"thumbnailUrl":"https:\/\/alicier.com\/wp-content\/uploads\/2026\/03\/kit_tulipes_en_perles_miyuki-2.jpg","datePublished":"2026-03-11T15:08:53+00:00","dateModified":"2026-03-28T19:22:34+00:00","description":"Mini kit boucles d'oreilles tulipes en perles avec des perles Miyuki. Gr\u00e2ce au tuto vid\u00e9o, r\u00e9alisez des boucles d'oreilles fleurs en perles Miyuki.","breadcrumb":{"@id":"https:\/\/alicier.com\/index.php\/produit\/mini-kit-boucles-doreilles-tulipes-en-perles\/#breadcrumb"},"inLanguage":"fr-FR","potentialAction":[{"@type":"ReadAction","target":["https:\/\/alicier.com\/index.php\/produit\/mini-kit-boucles-doreilles-tulipes-en-perles\/"]}]},{"@type":"ImageObject","inLanguage":"fr-FR","@id":"https:\/\/alicier.com\/index.php\/produit\/mini-kit-boucles-doreilles-tulipes-en-perles\/#primaryimage","url":"https:\/\/alicier.com\/wp-content\/uploads\/2026\/03\/kit_tulipes_en_perles_miyuki-2.jpg","contentUrl":"https:\/\/alicier.com\/wp-content\/uploads\/2026\/03\/kit_tulipes_en_perles_miyuki-2.jpg","width":1080,"height":1080,"caption":"kit boucles d'oreilles tulipes en perles"},{"@type":"BreadcrumbList","@id":"https:\/\/alicier.com\/index.php\/produit\/mini-kit-boucles-doreilles-tulipes-en-perles\/#breadcrumb","itemListElement":[{"@type":"ListItem","position":1,"name":"Accueil","item":"https:\/\/alicier.com\/"},{"@type":"ListItem","position":2,"name":"Boutique","item":"https:\/\/alicier.com\/index.php\/boutique\/"},{"@type":"ListItem","position":3,"name":"Mini Kit Boucles d&#8217;oreilles Tulipes en perles &#8211; Plusieurs choix de couleurs"}]},{"@type":"WebSite","@id":"https:\/\/alicier.com\/#website","url":"https:\/\/alicier.com\/","name":"Alicier","description":"Perles &amp; DIY","publisher":{"@id":"https:\/\/alicier.com\/#organization"},"potentialAction":[{"@type":"SearchAction","target":{"@type":"EntryPoint","urlTemplate":"https:\/\/alicier.com\/?s={search_term_string}"},"query-input":{"@type":"PropertyValueSpecification","valueRequired":true,"valueName":"search_term_string"}}],"inLanguage":"fr-FR"},{"@type":"Organization","@id":"https:\/\/alicier.com\/#organization","name":"Alicier","url":"https:\/\/alicier.com\/","logo":{"@type":"ImageObject","inLanguage":"fr-FR","@id":"https:\/\/alicier.com\/#\/schema\/logo\/image\/","url":"https:\/\/alicier.com\/wp-content\/uploads\/2025\/04\/cropped-icon_alicier_2025_100.png","contentUrl":"https:\/\/alicier.com\/wp-content\/uploads\/2025\/04\/cropped-icon_alicier_2025_100.png","width":100,"height":100,"caption":"Alicier"},"image":{"@id":"https:\/\/alicier.com\/#\/schema\/logo\/image\/"}}]}},"jetpack_sharing_enabled":true,"_links":{"self":[{"href":"https:\/\/alicier.com\/index.php\/wp-json\/wp\/v2\/product\/2682","targetHints":{"allow":["GET"]}}],"collection":[{"href":"https:\/\/alicier.com\/index.php\/wp-json\/wp\/v2\/product"}],"about":[{"href":"https:\/\/alicier.com\/index.php\/wp-json\/wp\/v2\/types\/product"}],"replies":[{"embeddable":true,"href":"https:\/\/alicier.com\/index.php\/wp-json\/wp\/v2\/comments?post=2682"}],"wp:featuredmedia":[{"embeddable":true,"href":"https:\/\/alicier.com\/index.php\/wp-json\/wp\/v2\/media\/2676"}],"wp:attachment":[{"href":"https:\/\/alicier.com\/index.php\/wp-json\/wp\/v2\/media?parent=2682"}],"wp:term":[{"taxonomy":"product_brand","embeddable":true,"href":"https:\/\/alicier.com\/index.php\/wp-json\/wp\/v2\/product_brand?post=2682"},{"taxonomy":"product_cat","embeddable":true,"href":"https:\/\/alicier.com\/index.php\/wp-json\/wp\/v2\/product_cat?post=2682"},{"taxonomy":"product_tag","embeddable":true,"href":"https:\/\/alicier.com\/index.php\/wp-json\/wp\/v2\/product_tag?post=2682"}],"curies":[{"name":"wp","href":"https:\/\/api.w.org\/{rel}","templated":true}]}}