{"id":2673,"date":"2026-03-11T10:40:45","date_gmt":"2026-03-11T09:40:45","guid":{"rendered":"https:\/\/alicier.com\/?post_type=product&#038;p=2673"},"modified":"2026-04-28T18:27:40","modified_gmt":"2026-04-28T16:27:40","slug":"assortiment-perles-miyuki-printemps","status":"publish","type":"product","link":"https:\/\/alicier.com\/index.php\/produit\/assortiment-perles-miyuki-printemps\/","title":{"rendered":"Assortiment perles Miyuki Printemps pour r\u00e9aliser des Tulipes en perles &#8211; 8 couleurs"},"content":{"rendered":"<p>Cet <strong>assortiment perles Miyuki Printemps<\/strong>\u00a0contient 7 couleurs de perles Delica 11\/0 (7 x 2 g de perles) et 1 couleur de rocailles Miyuki 11\/0 (6 g). Cet assortiment permet de r\u00e9aliser les boucles d&#8217;oreilles tulipes en perles pr\u00e9sent\u00e9es dans un de mes tutoriels vid\u00e9o sur YouTube. La vid\u00e9o sortira sur la cha\u00eene le vendredi 13 mars \u00e0 16h30, n&#8217;h\u00e9sitez pas \u00e0 aller la voir.<\/p>\n<p>Avec cet <b>assortiment de perles Miyuki Printemps<\/b>, vous pouvez r\u00e9aliser jusqu&#8217;\u00e0 <b>7 paires de tulipes en perles<\/b> et il vous restera des perles pour un autre projet, que ce soit pour r\u00e9aliser une broche ou un petit bracelet.<\/p>\n<p><strong>Ce produit ne contient pas le reste du mat\u00e9riel pour reproduire les boucles d&#8217;oreilles (fil, crochet d&#8217;oreilles ect&#8230;)<\/strong><\/p>\n<p>En achetant ce produit, vous recevrez :<\/p>\n<ul>\n<li>7 couleurs de perles Miyuki Delica 11\/0. Quantit\u00e9 : 2 g par couleur, soit environ 350 perles de chaque couleur.<\/li>\n<li>1 couleur de rocailles Miyuki 11\/0 vert sauge. Quantit\u00e9 : 6 g, soit environ 660 perles.<\/li>\n<li>Les perles sont livr\u00e9es soit dans des sachets mini-grips soit dans des petites bo\u00eetes transparentes vissables selon ce que vous choisissez dans la liste d\u00e9roulante.<\/li>\n<\/ul>\n<p>Perles en verre<\/p>\n<p>Origine : Japon<\/p>\n","protected":false},"excerpt":{"rendered":"<p>Assortiment perles Miyuki Printemps Delica 11\/0 (7 couleurs) et rocailles 11\/0 (1 couleur) pour r\u00e9aliser les boucles d&#8217;oreilles tulipes en perles ou d\u2019autres bijoux. Vous recevez 2 g de chaque couleur de Delica 11\/0 dans de petites bo\u00eetes viss\u00e9es ou dans des sachets mini-grip au choix et 6 g de perles de rocailles 11\/0 vert sauge. Soit<strong> 20 g de perles<\/strong>.<\/p>\n<p>Cet assortiment permet de r\u00e9aliser les boucles d&#8217;oreilles tulipes en perles pr\u00e9sent\u00e9es dans un de mes tutoriels vid\u00e9o sur YouTube. La vid\u00e9o sortira sur la cha\u00eene le vendredi 13 mars \u00e0 16h30, n&#8217;h\u00e9sitez pas \u00e0 aller la voir.<\/p>\n<p>Il s\u2019agit uniquement de perles : le fil, les boucles d&#8217;oreilles et le reste du mat\u00e9riel ne sont pas inclus.<\/p>\n<p>Liste des r\u00e9f\u00e9rences de perles Miyuki Delica 11\/0 et rocailles 11\/0 de l&#8217;assortiment :<\/p>\n<ul>\n<li>DB-0214 Opaque Red Luster x 2 g<\/li>\n<li>DB-0201\u00a0Opaque White Ceylon x 2 g<\/li>\n<li>DB-0248 Light Orchid Ceylon x 2 g<\/li>\n<li>DB-2101\u00a0Duracoat Opaque Light Lemon Ice x 2 g<\/li>\n<li>DB-2388\u00a0Inside Dyed color Fancy Lavender x 2 g<\/li>\n<li>DB-1563\u00a0Opaque Mandarin Luster x 2 g<\/li>\n<li>DB-0239 Light Aqua Ceylon x 2 g<\/li>\n<li>Rocailles MR11\/2375 Sage Luster x 6 g<\/li>\n<\/ul>\n","protected":false},"featured_media":2674,"comment_status":"closed","ping_status":"closed","template":"","meta":[],"product_brand":[93],"product_cat":[103],"product_tag":[104],"class_list":{"0":"post-2673","1":"product","2":"type-product","3":"status-publish","4":"has-post-thumbnail","6":"product_brand-miyuki","7":"product_cat-assortiments-perles-miyuki-delica-11-0","8":"product_tag-assortiment-miyuki","10":"first","11":"instock","12":"shipping-taxable","13":"purchasable","14":"product-type-variable"},"yoast_head":"<!-- This site is optimized with the Yoast SEO plugin v27.5 - https:\/\/yoast.com\/product\/yoast-seo-wordpress\/ -->\n<title>Assortiment perles Miyuki Printemps<\/title>\n<meta name=\"description\" content=\"Assortiment perles Miyuki printemps Delica 11\/0 (7 couleurs) et rocailles 11\/0 vert sauge pour r\u00e9aliser des boucles d&#039;oreilles tulipe en perles.\" \/>\n<meta name=\"robots\" content=\"index, follow, max-snippet:-1, max-image-preview:large, max-video-preview:-1\" \/>\n<link rel=\"canonical\" href=\"https:\/\/alicier.com\/index.php\/produit\/assortiment-perles-miyuki-printemps\/\" \/>\n<meta property=\"og:locale\" content=\"fr_FR\" \/>\n<meta property=\"og:type\" content=\"article\" \/>\n<meta property=\"og:title\" content=\"Assortiment perles Miyuki Printemps\" \/>\n<meta property=\"og:description\" content=\"Assortiment perles Miyuki printemps Delica 11\/0 (7 couleurs) et rocailles 11\/0 vert sauge pour r\u00e9aliser des boucles d&#039;oreilles tulipe en perles.\" \/>\n<meta property=\"og:url\" content=\"https:\/\/alicier.com\/index.php\/produit\/assortiment-perles-miyuki-printemps\/\" \/>\n<meta property=\"og:site_name\" content=\"Alicier\" \/>\n<meta property=\"article:modified_time\" content=\"2026-04-28T16:27:40+00:00\" \/>\n<meta property=\"og:image\" content=\"https:\/\/alicier.com\/wp-content\/uploads\/2026\/03\/ASSORTIMENT-005.jpg\" \/>\n\t<meta property=\"og:image:width\" content=\"1080\" \/>\n\t<meta property=\"og:image:height\" content=\"1080\" \/>\n\t<meta property=\"og:image:type\" content=\"image\/jpeg\" \/>\n<meta name=\"twitter:card\" content=\"summary_large_image\" \/>\n<meta name=\"twitter:label1\" content=\"Dur\u00e9e de lecture estim\u00e9e\" \/>\n\t<meta name=\"twitter:data1\" content=\"2 minutes\" \/>\n<script type=\"application\/ld+json\" class=\"yoast-schema-graph\">{\"@context\":\"https:\\\/\\\/schema.org\",\"@graph\":[{\"@type\":\"WebPage\",\"@id\":\"https:\\\/\\\/alicier.com\\\/index.php\\\/produit\\\/assortiment-perles-miyuki-printemps\\\/\",\"url\":\"https:\\\/\\\/alicier.com\\\/index.php\\\/produit\\\/assortiment-perles-miyuki-printemps\\\/\",\"name\":\"Assortiment perles Miyuki Printemps\",\"isPartOf\":{\"@id\":\"https:\\\/\\\/alicier.com\\\/#website\"},\"primaryImageOfPage\":{\"@id\":\"https:\\\/\\\/alicier.com\\\/index.php\\\/produit\\\/assortiment-perles-miyuki-printemps\\\/#primaryimage\"},\"image\":{\"@id\":\"https:\\\/\\\/alicier.com\\\/index.php\\\/produit\\\/assortiment-perles-miyuki-printemps\\\/#primaryimage\"},\"thumbnailUrl\":\"https:\\\/\\\/alicier.com\\\/wp-content\\\/uploads\\\/2026\\\/03\\\/ASSORTIMENT-005.jpg\",\"datePublished\":\"2026-03-11T09:40:45+00:00\",\"dateModified\":\"2026-04-28T16:27:40+00:00\",\"description\":\"Assortiment perles Miyuki printemps Delica 11\\\/0 (7 couleurs) et rocailles 11\\\/0 vert sauge pour r\u00e9aliser des boucles d'oreilles tulipe en perles.\",\"breadcrumb\":{\"@id\":\"https:\\\/\\\/alicier.com\\\/index.php\\\/produit\\\/assortiment-perles-miyuki-printemps\\\/#breadcrumb\"},\"inLanguage\":\"fr-FR\",\"potentialAction\":[{\"@type\":\"ReadAction\",\"target\":[\"https:\\\/\\\/alicier.com\\\/index.php\\\/produit\\\/assortiment-perles-miyuki-printemps\\\/\"]}]},{\"@type\":\"ImageObject\",\"inLanguage\":\"fr-FR\",\"@id\":\"https:\\\/\\\/alicier.com\\\/index.php\\\/produit\\\/assortiment-perles-miyuki-printemps\\\/#primaryimage\",\"url\":\"https:\\\/\\\/alicier.com\\\/wp-content\\\/uploads\\\/2026\\\/03\\\/ASSORTIMENT-005.jpg\",\"contentUrl\":\"https:\\\/\\\/alicier.com\\\/wp-content\\\/uploads\\\/2026\\\/03\\\/ASSORTIMENT-005.jpg\",\"width\":1080,\"height\":1080,\"caption\":\"Assortiment perles Miyuki Printemps\"},{\"@type\":\"BreadcrumbList\",\"@id\":\"https:\\\/\\\/alicier.com\\\/index.php\\\/produit\\\/assortiment-perles-miyuki-printemps\\\/#breadcrumb\",\"itemListElement\":[{\"@type\":\"ListItem\",\"position\":1,\"name\":\"Accueil\",\"item\":\"https:\\\/\\\/alicier.com\\\/\"},{\"@type\":\"ListItem\",\"position\":2,\"name\":\"Boutique\",\"item\":\"https:\\\/\\\/alicier.com\\\/index.php\\\/boutique\\\/\"},{\"@type\":\"ListItem\",\"position\":3,\"name\":\"Assortiment perles Miyuki Printemps pour r\u00e9aliser des Tulipes en perles &#8211; 8 couleurs\"}]},{\"@type\":\"WebSite\",\"@id\":\"https:\\\/\\\/alicier.com\\\/#website\",\"url\":\"https:\\\/\\\/alicier.com\\\/\",\"name\":\"Alicier\",\"description\":\"Perles &amp; DIY\",\"publisher\":{\"@id\":\"https:\\\/\\\/alicier.com\\\/#organization\"},\"potentialAction\":[{\"@type\":\"SearchAction\",\"target\":{\"@type\":\"EntryPoint\",\"urlTemplate\":\"https:\\\/\\\/alicier.com\\\/?s={search_term_string}\"},\"query-input\":{\"@type\":\"PropertyValueSpecification\",\"valueRequired\":true,\"valueName\":\"search_term_string\"}}],\"inLanguage\":\"fr-FR\"},{\"@type\":\"Organization\",\"@id\":\"https:\\\/\\\/alicier.com\\\/#organization\",\"name\":\"Alicier\",\"url\":\"https:\\\/\\\/alicier.com\\\/\",\"logo\":{\"@type\":\"ImageObject\",\"inLanguage\":\"fr-FR\",\"@id\":\"https:\\\/\\\/alicier.com\\\/#\\\/schema\\\/logo\\\/image\\\/\",\"url\":\"https:\\\/\\\/alicier.com\\\/wp-content\\\/uploads\\\/2025\\\/04\\\/cropped-icon_alicier_2025_100.png\",\"contentUrl\":\"https:\\\/\\\/alicier.com\\\/wp-content\\\/uploads\\\/2025\\\/04\\\/cropped-icon_alicier_2025_100.png\",\"width\":100,\"height\":100,\"caption\":\"Alicier\"},\"image\":{\"@id\":\"https:\\\/\\\/alicier.com\\\/#\\\/schema\\\/logo\\\/image\\\/\"}}]}<\/script>\n<!-- \/ Yoast SEO plugin. -->","yoast_head_json":{"title":"Assortiment perles Miyuki Printemps","description":"Assortiment perles Miyuki printemps Delica 11\/0 (7 couleurs) et rocailles 11\/0 vert sauge pour r\u00e9aliser des boucles d'oreilles tulipe en perles.","robots":{"index":"index","follow":"follow","max-snippet":"max-snippet:-1","max-image-preview":"max-image-preview:large","max-video-preview":"max-video-preview:-1"},"canonical":"https:\/\/alicier.com\/index.php\/produit\/assortiment-perles-miyuki-printemps\/","og_locale":"fr_FR","og_type":"article","og_title":"Assortiment perles Miyuki Printemps","og_description":"Assortiment perles Miyuki printemps Delica 11\/0 (7 couleurs) et rocailles 11\/0 vert sauge pour r\u00e9aliser des boucles d'oreilles tulipe en perles.","og_url":"https:\/\/alicier.com\/index.php\/produit\/assortiment-perles-miyuki-printemps\/","og_site_name":"Alicier","article_modified_time":"2026-04-28T16:27:40+00:00","og_image":[{"width":1080,"height":1080,"url":"https:\/\/alicier.com\/wp-content\/uploads\/2026\/03\/ASSORTIMENT-005.jpg","type":"image\/jpeg"}],"twitter_card":"summary_large_image","twitter_misc":{"Dur\u00e9e de lecture estim\u00e9e":"2 minutes"},"schema":{"@context":"https:\/\/schema.org","@graph":[{"@type":"WebPage","@id":"https:\/\/alicier.com\/index.php\/produit\/assortiment-perles-miyuki-printemps\/","url":"https:\/\/alicier.com\/index.php\/produit\/assortiment-perles-miyuki-printemps\/","name":"Assortiment perles Miyuki Printemps","isPartOf":{"@id":"https:\/\/alicier.com\/#website"},"primaryImageOfPage":{"@id":"https:\/\/alicier.com\/index.php\/produit\/assortiment-perles-miyuki-printemps\/#primaryimage"},"image":{"@id":"https:\/\/alicier.com\/index.php\/produit\/assortiment-perles-miyuki-printemps\/#primaryimage"},"thumbnailUrl":"https:\/\/alicier.com\/wp-content\/uploads\/2026\/03\/ASSORTIMENT-005.jpg","datePublished":"2026-03-11T09:40:45+00:00","dateModified":"2026-04-28T16:27:40+00:00","description":"Assortiment perles Miyuki printemps Delica 11\/0 (7 couleurs) et rocailles 11\/0 vert sauge pour r\u00e9aliser des boucles d'oreilles tulipe en perles.","breadcrumb":{"@id":"https:\/\/alicier.com\/index.php\/produit\/assortiment-perles-miyuki-printemps\/#breadcrumb"},"inLanguage":"fr-FR","potentialAction":[{"@type":"ReadAction","target":["https:\/\/alicier.com\/index.php\/produit\/assortiment-perles-miyuki-printemps\/"]}]},{"@type":"ImageObject","inLanguage":"fr-FR","@id":"https:\/\/alicier.com\/index.php\/produit\/assortiment-perles-miyuki-printemps\/#primaryimage","url":"https:\/\/alicier.com\/wp-content\/uploads\/2026\/03\/ASSORTIMENT-005.jpg","contentUrl":"https:\/\/alicier.com\/wp-content\/uploads\/2026\/03\/ASSORTIMENT-005.jpg","width":1080,"height":1080,"caption":"Assortiment perles Miyuki Printemps"},{"@type":"BreadcrumbList","@id":"https:\/\/alicier.com\/index.php\/produit\/assortiment-perles-miyuki-printemps\/#breadcrumb","itemListElement":[{"@type":"ListItem","position":1,"name":"Accueil","item":"https:\/\/alicier.com\/"},{"@type":"ListItem","position":2,"name":"Boutique","item":"https:\/\/alicier.com\/index.php\/boutique\/"},{"@type":"ListItem","position":3,"name":"Assortiment perles Miyuki Printemps pour r\u00e9aliser des Tulipes en perles &#8211; 8 couleurs"}]},{"@type":"WebSite","@id":"https:\/\/alicier.com\/#website","url":"https:\/\/alicier.com\/","name":"Alicier","description":"Perles &amp; DIY","publisher":{"@id":"https:\/\/alicier.com\/#organization"},"potentialAction":[{"@type":"SearchAction","target":{"@type":"EntryPoint","urlTemplate":"https:\/\/alicier.com\/?s={search_term_string}"},"query-input":{"@type":"PropertyValueSpecification","valueRequired":true,"valueName":"search_term_string"}}],"inLanguage":"fr-FR"},{"@type":"Organization","@id":"https:\/\/alicier.com\/#organization","name":"Alicier","url":"https:\/\/alicier.com\/","logo":{"@type":"ImageObject","inLanguage":"fr-FR","@id":"https:\/\/alicier.com\/#\/schema\/logo\/image\/","url":"https:\/\/alicier.com\/wp-content\/uploads\/2025\/04\/cropped-icon_alicier_2025_100.png","contentUrl":"https:\/\/alicier.com\/wp-content\/uploads\/2025\/04\/cropped-icon_alicier_2025_100.png","width":100,"height":100,"caption":"Alicier"},"image":{"@id":"https:\/\/alicier.com\/#\/schema\/logo\/image\/"}}]}},"jetpack_sharing_enabled":true,"_links":{"self":[{"href":"https:\/\/alicier.com\/index.php\/wp-json\/wp\/v2\/product\/2673","targetHints":{"allow":["GET"]}}],"collection":[{"href":"https:\/\/alicier.com\/index.php\/wp-json\/wp\/v2\/product"}],"about":[{"href":"https:\/\/alicier.com\/index.php\/wp-json\/wp\/v2\/types\/product"}],"replies":[{"embeddable":true,"href":"https:\/\/alicier.com\/index.php\/wp-json\/wp\/v2\/comments?post=2673"}],"wp:featuredmedia":[{"embeddable":true,"href":"https:\/\/alicier.com\/index.php\/wp-json\/wp\/v2\/media\/2674"}],"wp:attachment":[{"href":"https:\/\/alicier.com\/index.php\/wp-json\/wp\/v2\/media?parent=2673"}],"wp:term":[{"taxonomy":"product_brand","embeddable":true,"href":"https:\/\/alicier.com\/index.php\/wp-json\/wp\/v2\/product_brand?post=2673"},{"taxonomy":"product_cat","embeddable":true,"href":"https:\/\/alicier.com\/index.php\/wp-json\/wp\/v2\/product_cat?post=2673"},{"taxonomy":"product_tag","embeddable":true,"href":"https:\/\/alicier.com\/index.php\/wp-json\/wp\/v2\/product_tag?post=2673"}],"curies":[{"name":"wp","href":"https:\/\/api.w.org\/{rel}","templated":true}]}}